{"id":43543,"date":"2026-09-01T13:40:20","date_gmt":"2026-09-01T11:40:20","guid":{"rendered":"https:\/\/www.bibione.eu\/?post_type=eventi&#038;p=43543"},"modified":"2026-09-01T13:45:47","modified_gmt":"2026-09-01T11:45:47","slug":"september-in-der-val-grande","status":"publish","type":"eventi","link":"https:\/\/www.bibione.eu\/de\/veranstaltungen\/september-in-der-val-grande\/","title":{"rendered":"September in der Val Grande in Bibione: Natur, Abenteuer und Wohlbefinden in der Naturoase."},"content":{"rendered":"\n<figure class=\"wp-block-image aligncenter size-medium\"><img loading=\"lazy\" decoding=\"async\" width=\"300\" height=\"118\" src=\"https:\/\/www.bibione.eu\/wp-content\/uploads\/2026\/01\/Bibione-70_RGB_HR-300x118.png\" alt=\"\" class=\"wp-image-42676\" srcset=\"https:\/\/www.bibione.eu\/wp-content\/uploads\/2026\/01\/Bibione-70_RGB_HR-300x118.png 300w, https:\/\/www.bibione.eu\/wp-content\/uploads\/2026\/01\/Bibione-70_RGB_HR-1024x401.png 1024w, https:\/\/www.bibione.eu\/wp-content\/uploads\/2026\/01\/Bibione-70_RGB_HR-768x301.png 768w, https:\/\/www.bibione.eu\/wp-content\/uploads\/2026\/01\/Bibione-70_RGB_HR-1536x602.png 1536w, https:\/\/www.bibione.eu\/wp-content\/uploads\/2026\/01\/Bibione-70_RGB_HR-2048x803.png 2048w\" sizes=\"auto, (max-width: 300px) 100vw, 300px\" \/><\/figure>\n\n\n\n<p class=\"wp-block-paragraph\">Mit dem Beginn des Septembers verwandelt sich die <strong>Naturoase Val Grande i<\/strong>n Bibione in den idealen Ort f\u00fcr alle, die die Natur in einem ruhigeren Tempo genie\u00dfen und unber\u00fchrte Landschaften zwischen Land und Wasser entdecken m\u00f6chten. Den ganzen Monat \u00fcber steht ein reichhaltiges Programm an Aktivit\u00e4ten und gef\u00fchrten Ausfl\u00fcgen f\u00fcr alle Outdoor-, Sport- und Erholungsbegeisterten auf dem Plan.<\/p>\n\n\n\n<p class=\"wp-block-paragraph\">Hier sind die fantastischen Erlebnisse, die auf Sie warten:<\/p>\n\n\n\n<figure class=\"wp-block-image size-full is-resized\"><a href=\"https:\/\/www.bibione.eu\/wp-content\/uploads\/2026\/07\/Locandina-Eventi-Agosto-Val-Grande.pdf\" target=\"_blank\" rel=\" noreferrer noopener\"><img loading=\"lazy\" decoding=\"async\" width=\"964\" height=\"1362\" src=\"https:\/\/www.bibione.eu\/wp-content\/uploads\/2026\/07\/Locandina-Eventi-Agosto-Val-Grande.jpg\" alt=\"\" class=\"wp-image-43369\" style=\"width:723px;height:auto\" srcset=\"https:\/\/www.bibione.eu\/wp-content\/uploads\/2026\/07\/Locandina-Eventi-Agosto-Val-Grande.jpg 964w, https:\/\/www.bibione.eu\/wp-content\/uploads\/2026\/07\/Locandina-Eventi-Agosto-Val-Grande-212x300.jpg 212w, https:\/\/www.bibione.eu\/wp-content\/uploads\/2026\/07\/Locandina-Eventi-Agosto-Val-Grande-725x1024.jpg 725w, https:\/\/www.bibione.eu\/wp-content\/uploads\/2026\/07\/Locandina-Eventi-Agosto-Val-Grande-768x1085.jpg 768w\" sizes=\"auto, (max-width: 964px) 100vw, 964px\" \/><\/a><\/figure>\n\n\n\n<p class=\"wp-block-paragraph\">(Bei <strong>schlechtem Wetter<\/strong> oder Nichterreichen der Mindestteilnehmerzahl kann die Veranstaltung verschoben oder abgesagt werden.)<\/p>\n\n\n\n<p class=\"wp-block-paragraph\"><strong>Abfahrt<\/strong> ist bei allen Veranstaltungen am Eingang der Oase in der Via Baseleghe 2 (hinter dem Restaurant Havana).<\/p>\n\n\n\n<p class=\"wp-block-paragraph\">F\u00fcr <strong>Informationen<\/strong> und <strong>Reservierungen<\/strong>:<\/p>\n\n\n\n<ul class=\"wp-block-list\">\n<li>E-Mail: <a href=\"mailto:info@oasivalgrande.com\">info@oasivalgrande.com<\/a><\/li>\n\n\n\n<li>Website <a href=\"https:\/\/oasivalgrande.com\/\" target=\"_blank\" rel=\"noreferrer noopener\">https:\/\/oasivalgrande.com\/<\/a><\/li>\n\n\n\n<li>Handy: +39 351 8459719<\/li>\n\n\n\n<li><a href=\"http:\/\/www.armoniaviaggi.it\" target=\"_blank\" rel=\"noreferrer noopener\">www.armoniaviaggi.it<\/a><\/li>\n<\/ul>\n\n\n\n<p class=\"wp-block-paragraph\">Verpassen Sie nicht die Gelegenheit, die Val Grande zu erleben.<\/p>\n\n\n\n<p class=\"wp-block-paragraph\"><\/p>\n\n\n\n<p class=\"wp-block-paragraph\">Photo Credit: Bibione Live &#8211; Consorzio di Promozione Turistica<\/p>\n","protected":false},"excerpt":{"rendered":"<p>Mit dem Beginn des Septembers verwandelt sich die Naturoase Val Grande in Bibione in den idealen Ort f\u00fcr alle, die die Natur in einem ruhigeren Tempo genie\u00dfen und unber\u00fchrte Landschaften zwischen Land und Wasser entdecken m\u00f6chten. Den ganzen Monat \u00fcber steht ein reichhaltiges Programm an Aktivit\u00e4ten und gef\u00fchrten Ausfl\u00fcgen f\u00fcr alle Outdoor-, Sport- und Erholungsbegeisterten &hellip; <a href=\"https:\/\/www.bibione.eu\/de\/veranstaltungen\/september-in-der-val-grande\/\">Continued<\/a><\/p>\n","protected":false},"featured_media":42663,"template":"","tipi-eventi":[98],"class_list":["post-43543","eventi","type-eventi","status-publish","has-post-thumbnail","hentry","tipi-eventi-animation"],"acf":[],"yoast_head":"<!-- This site is optimized with the Yoast SEO plugin v28.3 - https:\/\/yoast.com\/product\/yoast-seo-wordpress\/ -->\n<title>Veranstaltungen und Ausstellungen in Bibione: Strand und Stadtzentrum!<\/title>\n<meta name=\"robots\" content=\"index, follow, max-snippet:-1, max-image-preview:large, max-video-preview:-1\" \/>\n<link rel=\"canonical\" href=\"https:\/\/www.bibione.eu\/de\/veranstaltungen\/september-in-der-val-grande\/\" \/>\n<meta property=\"og:locale\" content=\"de_DE\" \/>\n<meta property=\"og:type\" content=\"article\" \/>\n<meta property=\"og:title\" content=\"Veranstaltungen und Ausstellungen in Bibione: Strand und Stadtzentrum!\" \/>\n<meta property=\"og:description\" content=\"Mit dem Beginn des Septembers verwandelt sich die Naturoase Val Grande in Bibione in den idealen Ort f\u00fcr alle, die die Natur in einem ruhigeren Tempo genie\u00dfen und unber\u00fchrte Landschaften zwischen Land und Wasser entdecken m\u00f6chten. Den ganzen Monat \u00fcber steht ein reichhaltiges Programm an Aktivit\u00e4ten und gef\u00fchrten Ausfl\u00fcgen f\u00fcr alle Outdoor-, Sport- und Erholungsbegeisterten &hellip; Continued\" \/>\n<meta property=\"og:url\" content=\"https:\/\/www.bibione.eu\/de\/veranstaltungen\/september-in-der-val-grande\/\" \/>\n<meta property=\"og:site_name\" content=\"Bibione\" \/>\n<meta property=\"article:modified_time\" content=\"2026-09-01T11:45:47+00:00\" \/>\n<meta property=\"og:image\" content=\"https:\/\/www.bibione.eu\/wp-content\/uploads\/2026\/01\/BIBIONE-VAL-GRANDE-20-scaled.jpg\" \/>\n\t<meta property=\"og:image:width\" content=\"2560\" \/>\n\t<meta property=\"og:image:height\" content=\"1707\" \/>\n\t<meta property=\"og:image:type\" content=\"image\/jpeg\" \/>\n<meta name=\"twitter:card\" content=\"summary_large_image\" \/>\n<meta name=\"twitter:label1\" content=\"Gesch\u00e4tzte Lesezeit\" \/>\n\t<meta name=\"twitter:data1\" content=\"2\u00a0Minuten\" \/>\n<script type=\"application\/ld+json\" class=\"yoast-schema-graph\">{\"@context\":\"https:\\\/\\\/schema.org\",\"@graph\":[{\"@type\":\"WebPage\",\"@id\":\"https:\\\/\\\/www.bibione.eu\\\/de\\\/veranstaltungen\\\/september-in-der-val-grande\\\/\",\"url\":\"https:\\\/\\\/www.bibione.eu\\\/de\\\/veranstaltungen\\\/september-in-der-val-grande\\\/\",\"name\":\"Veranstaltungen und Ausstellungen in Bibione: Strand und Stadtzentrum!\",\"isPartOf\":{\"@id\":\"https:\\\/\\\/www.bibione.eu\\\/de\\\/#website\"},\"primaryImageOfPage\":{\"@id\":\"https:\\\/\\\/www.bibione.eu\\\/de\\\/veranstaltungen\\\/september-in-der-val-grande\\\/#primaryimage\"},\"image\":{\"@id\":\"https:\\\/\\\/www.bibione.eu\\\/de\\\/veranstaltungen\\\/september-in-der-val-grande\\\/#primaryimage\"},\"thumbnailUrl\":\"https:\\\/\\\/www.bibione.eu\\\/wp-content\\\/uploads\\\/2026\\\/01\\\/BIBIONE-VAL-GRANDE-20-scaled.jpg\",\"datePublished\":\"2026-09-01T11:40:20+00:00\",\"dateModified\":\"2026-09-01T11:45:47+00:00\",\"breadcrumb\":{\"@id\":\"https:\\\/\\\/www.bibione.eu\\\/de\\\/veranstaltungen\\\/september-in-der-val-grande\\\/#breadcrumb\"},\"inLanguage\":\"de\",\"potentialAction\":[{\"@type\":\"ReadAction\",\"target\":[\"https:\\\/\\\/www.bibione.eu\\\/de\\\/veranstaltungen\\\/september-in-der-val-grande\\\/\"]}]},{\"@type\":\"ImageObject\",\"inLanguage\":\"de\",\"@id\":\"https:\\\/\\\/www.bibione.eu\\\/de\\\/veranstaltungen\\\/september-in-der-val-grande\\\/#primaryimage\",\"url\":\"https:\\\/\\\/www.bibione.eu\\\/wp-content\\\/uploads\\\/2026\\\/01\\\/BIBIONE-VAL-GRANDE-20-scaled.jpg\",\"contentUrl\":\"https:\\\/\\\/www.bibione.eu\\\/wp-content\\\/uploads\\\/2026\\\/01\\\/BIBIONE-VAL-GRANDE-20-scaled.jpg\",\"width\":2560,\"height\":1707},{\"@type\":\"BreadcrumbList\",\"@id\":\"https:\\\/\\\/www.bibione.eu\\\/de\\\/veranstaltungen\\\/september-in-der-val-grande\\\/#breadcrumb\",\"itemListElement\":[{\"@type\":\"ListItem\",\"position\":1,\"name\":\"Home\",\"item\":\"https:\\\/\\\/www.bibione.eu\\\/de\\\/\"},{\"@type\":\"ListItem\",\"position\":2,\"name\":\"Veranstaltungen\",\"item\":\"https:\\\/\\\/www.bibione.eu\\\/de\\\/veranstaltungen\\\/\"},{\"@type\":\"ListItem\",\"position\":3,\"name\":\"September in der Val Grande in Bibione: Natur, Abenteuer und Wohlbefinden in der Naturoase.\"}]},{\"@type\":\"WebSite\",\"@id\":\"https:\\\/\\\/www.bibione.eu\\\/de\\\/#website\",\"url\":\"https:\\\/\\\/www.bibione.eu\\\/de\\\/\",\"name\":\"Bibione\",\"description\":\"\",\"potentialAction\":[{\"@type\":\"SearchAction\",\"target\":{\"@type\":\"EntryPoint\",\"urlTemplate\":\"https:\\\/\\\/www.bibione.eu\\\/de\\\/?s={search_term_string}\"},\"query-input\":{\"@type\":\"PropertyValueSpecification\",\"valueRequired\":true,\"valueName\":\"search_term_string\"}}],\"inLanguage\":\"de\"}]}<\/script>\n<!-- \/ Yoast SEO plugin. -->","yoast_head_json":{"title":"Veranstaltungen und Ausstellungen in Bibione: Strand und Stadtzentrum!","robots":{"index":"index","follow":"follow","max-snippet":"max-snippet:-1","max-image-preview":"max-image-preview:large","max-video-preview":"max-video-preview:-1"},"canonical":"https:\/\/www.bibione.eu\/de\/veranstaltungen\/september-in-der-val-grande\/","og_locale":"de_DE","og_type":"article","og_title":"Veranstaltungen und Ausstellungen in Bibione: Strand und Stadtzentrum!","og_description":"Mit dem Beginn des Septembers verwandelt sich die Naturoase Val Grande in Bibione in den idealen Ort f\u00fcr alle, die die Natur in einem ruhigeren Tempo genie\u00dfen und unber\u00fchrte Landschaften zwischen Land und Wasser entdecken m\u00f6chten. Den ganzen Monat \u00fcber steht ein reichhaltiges Programm an Aktivit\u00e4ten und gef\u00fchrten Ausfl\u00fcgen f\u00fcr alle Outdoor-, Sport- und Erholungsbegeisterten &hellip; Continued","og_url":"https:\/\/www.bibione.eu\/de\/veranstaltungen\/september-in-der-val-grande\/","og_site_name":"Bibione","article_modified_time":"2026-09-01T11:45:47+00:00","og_image":[{"width":2560,"height":1707,"url":"https:\/\/www.bibione.eu\/wp-content\/uploads\/2026\/01\/BIBIONE-VAL-GRANDE-20-scaled.jpg","type":"image\/jpeg"}],"twitter_card":"summary_large_image","twitter_misc":{"Gesch\u00e4tzte Lesezeit":"2\u00a0Minuten"},"schema":{"@context":"https:\/\/schema.org","@graph":[{"@type":"WebPage","@id":"https:\/\/www.bibione.eu\/de\/veranstaltungen\/september-in-der-val-grande\/","url":"https:\/\/www.bibione.eu\/de\/veranstaltungen\/september-in-der-val-grande\/","name":"Veranstaltungen und Ausstellungen in Bibione: Strand und Stadtzentrum!","isPartOf":{"@id":"https:\/\/www.bibione.eu\/de\/#website"},"primaryImageOfPage":{"@id":"https:\/\/www.bibione.eu\/de\/veranstaltungen\/september-in-der-val-grande\/#primaryimage"},"image":{"@id":"https:\/\/www.bibione.eu\/de\/veranstaltungen\/september-in-der-val-grande\/#primaryimage"},"thumbnailUrl":"https:\/\/www.bibione.eu\/wp-content\/uploads\/2026\/01\/BIBIONE-VAL-GRANDE-20-scaled.jpg","datePublished":"2026-09-01T11:40:20+00:00","dateModified":"2026-09-01T11:45:47+00:00","breadcrumb":{"@id":"https:\/\/www.bibione.eu\/de\/veranstaltungen\/september-in-der-val-grande\/#breadcrumb"},"inLanguage":"de","potentialAction":[{"@type":"ReadAction","target":["https:\/\/www.bibione.eu\/de\/veranstaltungen\/september-in-der-val-grande\/"]}]},{"@type":"ImageObject","inLanguage":"de","@id":"https:\/\/www.bibione.eu\/de\/veranstaltungen\/september-in-der-val-grande\/#primaryimage","url":"https:\/\/www.bibione.eu\/wp-content\/uploads\/2026\/01\/BIBIONE-VAL-GRANDE-20-scaled.jpg","contentUrl":"https:\/\/www.bibione.eu\/wp-content\/uploads\/2026\/01\/BIBIONE-VAL-GRANDE-20-scaled.jpg","width":2560,"height":1707},{"@type":"BreadcrumbList","@id":"https:\/\/www.bibione.eu\/de\/veranstaltungen\/september-in-der-val-grande\/#breadcrumb","itemListElement":[{"@type":"ListItem","position":1,"name":"Home","item":"https:\/\/www.bibione.eu\/de\/"},{"@type":"ListItem","position":2,"name":"Veranstaltungen","item":"https:\/\/www.bibione.eu\/de\/veranstaltungen\/"},{"@type":"ListItem","position":3,"name":"September in der Val Grande in Bibione: Natur, Abenteuer und Wohlbefinden in der Naturoase."}]},{"@type":"WebSite","@id":"https:\/\/www.bibione.eu\/de\/#website","url":"https:\/\/www.bibione.eu\/de\/","name":"Bibione","description":"","potentialAction":[{"@type":"SearchAction","target":{"@type":"EntryPoint","urlTemplate":"https:\/\/www.bibione.eu\/de\/?s={search_term_string}"},"query-input":{"@type":"PropertyValueSpecification","valueRequired":true,"valueName":"search_term_string"}}],"inLanguage":"de"}]}},"_links":{"self":[{"href":"https:\/\/www.bibione.eu\/de\/wp-json\/wp\/v2\/eventi\/43543","targetHints":{"allow":["GET"]}}],"collection":[{"href":"https:\/\/www.bibione.eu\/de\/wp-json\/wp\/v2\/eventi"}],"about":[{"href":"https:\/\/www.bibione.eu\/de\/wp-json\/wp\/v2\/types\/eventi"}],"wp:featuredmedia":[{"embeddable":true,"href":"https:\/\/www.bibione.eu\/de\/wp-json\/wp\/v2\/media\/42663"}],"wp:attachment":[{"href":"https:\/\/www.bibione.eu\/de\/wp-json\/wp\/v2\/media?parent=43543"}],"wp:term":[{"taxonomy":"tipi-eventi","embeddable":true,"href":"https:\/\/www.bibione.eu\/de\/wp-json\/wp\/v2\/tipi-eventi?post=43543"}],"curies":[{"name":"wp","href":"https:\/\/api.w.org\/{rel}","templated":true}]}}