{"id":43517,"date":"2026-08-26T15:58:13","date_gmt":"2026-08-26T13:58:13","guid":{"rendered":"https:\/\/www.bibione.eu\/eventi\/blind-concert-le-note-dellinvisibile\/"},"modified":"2026-08-26T16:04:09","modified_gmt":"2026-08-26T14:04:09","slug":"blind-concert-le-note-dellinvisibile","status":"publish","type":"eventi","link":"https:\/\/www.bibione.eu\/de\/veranstaltungen\/blind-concert-le-note-dellinvisibile\/","title":{"rendered":"Blind Concert \u2013 Le note dell\u2019invisibile"},"content":{"rendered":"\n<p class=\"wp-block-paragraph\">Am <strong>Sonntag, 20. September 2026<\/strong>, wird die stimmungsvolle Kulisse des <strong>Leuchtturms von Bibione<\/strong> zum Schauplatz eines ganz besonderen Events im Zeichen der Emotionen und der Inklusion: <strong>\u201eBlind Concert \u2013 Le note dell\u2019invisibile\u201c (Die Noten des Unsichtbaren)<\/strong>.<\/p>\n\n\n\n<p class=\"wp-block-paragraph\">Das Konzert im Dunkeln wird im Rahmen des <strong>Projekts f\u00fcr Sozialen und Inklusiven Tourismus der Gemeinde San Michele al Tagliamento<\/strong> organisiert. Es m\u00f6chte das Publikum f\u00fcr Sehbehinderungen sensibilisieren und unterstreicht das kontinuierliche Engagement von Bibione f\u00fcr barrierefreien und inklusiven Tourismus.<\/p>\n\n\n\n<h2 class=\"wp-block-heading\"><strong>\ud83c\udfb6<\/strong><strong> Das musikalische Erlebnis<\/strong><\/h2>\n\n\n\n<p class=\"wp-block-paragraph\">Ab <strong>18:00 Uhr<\/strong> sind die Besucher eingeladen, ein einzigartiges, immersives Erlebnis zu genie\u00dfen: Schlie\u00dfen Sie die Augen und lassen Sie die Musik alle Barrieren \u00fcberwinden.<\/p>\n\n\n\n<p class=\"wp-block-paragraph\">Auf der B\u00fchne stehen:<\/p>\n\n\n\n<ul class=\"wp-block-list\">\n<li><strong>Mauro Costantini<\/strong> \u2013 Klavier<\/li>\n\n\n\n<li><strong>Francesco Minutello<\/strong> \u2013 Trompete<\/li>\n<\/ul>\n\n\n\n<p class=\"wp-block-paragraph\">Das Repertoire reicht von Klassik bis Jazz mit viel Raum f\u00fcr Improvisation.<\/p>\n\n\n\n<p class=\"wp-block-paragraph\">Veranstaltungsbeginn ist um 18:00 Uhr mit einer kurzen offiziellen Begr\u00fc\u00dfung, bei der die Ergebnisse des Projekts f\u00fcr Sozialen und Inklusiven Tourismus in Venetien in Bibione vorgestellt werden. &nbsp;<\/p>\n\n\n\n<h2 class=\"wp-block-heading\"><strong>\ud83d\udeb4<\/strong><strong> Anreise zum Leuchtturm<\/strong><\/h2>\n\n\n\n<p class=\"wp-block-paragraph\">Der Leuchtturm von Bibione ist zu Fu\u00df oder mit dem Fahrrad erreichbar. Damit alle G\u00e4ste bequem teilnehmen k\u00f6nnen, stehen zwei besondere Anreisem\u00f6glichkeiten zur Verf\u00fcgung:<\/p>\n\n\n\n<p class=\"wp-block-paragraph\"><strong>1. Mit dem Fahrrad: \u201eRiding in the Dark\u201c (Bikeezy)<\/strong><\/p>\n\n\n\n<p class=\"wp-block-paragraph\">Anl\u00e4sslich des Konzerts organisiert <strong>Bikeezy<\/strong> eine Spezialausgabe der gef\u00fchrten Radtour \u201eRiding in the Dark\u201c, die auch f\u00fcr blinde oder sehbehinderte Menschen (auf Tandems mit Begleitung) offensteht.<\/p>\n\n\n\n<ul class=\"wp-block-list\">\n<li><strong>Treffpunkt:<\/strong> 15:30 Uhr bei Bibione Thermae<\/li>\n\n\n\n<li><strong>Abfahrt:<\/strong> 16:00 Uhr<\/li>\n\n\n\n<li><strong>Teilnahme:<\/strong> Kostenlos<\/li>\n\n\n\n<li><strong>Anmeldung erforderlich:<\/strong> \u00dcber das Online-Formular unter <a href=\"https:\/\/tinyurl.com\/Riding-Blind-Concert\" target=\"_blank\" rel=\"noreferrer noopener\">https:\/\/tinyurl.com\/Riding-Blind-Concert<\/a><\/li>\n\n\n\n<li><strong>Infos &amp; Kontakt Bikeezy:<\/strong> +39 340 0882929<\/li>\n<\/ul>\n\n\n\n<p class=\"wp-block-paragraph\"><strong>2. Kostenloser Barrierefreier Transportdienst<\/strong><\/p>\n\n\n\n<p class=\"wp-block-paragraph\">Die Gemeinde San Michele al Tagliamento bietet einen kostenlosen Fahrdienst f\u00fcr Menschen mit Behinderungen an. Abfahrt ist beim <strong>Fremdenverkehrsamt \/ Ufficio IAT<\/strong> (Via Maja, 84).<\/p>\n\n\n\n<ul class=\"wp-block-list\">\n<li><strong>Abfahrtszeiten:<\/strong> Werden individuell je nach Anfragen vereinbart.<\/li>\n\n\n\n<li><strong>Begrenzte Pl\u00e4tze \u2013 Reservierung erforderlich:<\/strong>\n<ul class=\"wp-block-list\">\n<li>\ud83d\udcde Telefon: +39 0431 444846<\/li>\n\n\n\n<li>\u2709\ufe0f E-Mail: iat@comunesanmichele.it<\/li>\n<\/ul>\n<\/li>\n<\/ul>\n\n\n\n<h2 class=\"wp-block-heading\"><strong>\u2139\ufe0f Wichtige Infos &amp; Anmeldung<\/strong><\/h2>\n\n\n\n<ul class=\"wp-block-list\">\n<li><strong>Datum &amp; Uhrzeit:<\/strong> Sonntag, den 20. September 2026, ab 18:00 Uhr<\/li>\n\n\n\n<li><strong>Ort:<\/strong> Leuchtturm von Bibione (VE)<\/li>\n\n\n\n<li><strong>Best\u00e4tigung der Teilnahme:<\/strong> Bitte best\u00e4tigen Sie Ihre Teilnahme per E-Mail an comunicazione@comunesanmichele.it (vorzugsweise bis Montag, 31. August 2026).<\/li>\n<\/ul>\n\n\n\n<figure class=\"wp-block-image size-large\"><a href=\"https:\/\/www.bibione.eu\/wp-content\/uploads\/2026\/08\/Instagram-FB_Blind-Concert-Bibione-generic-819x1024.jpg\" target=\"_blank\" rel=\" noreferrer noopener\"><img loading=\"lazy\" decoding=\"async\" width=\"819\" height=\"1024\" src=\"https:\/\/www.bibione.eu\/wp-content\/uploads\/2026\/08\/Instagram-FB_Blind-Concert-Bibione-generic-819x1024.jpg\" alt=\"\" class=\"wp-image-43510\" srcset=\"https:\/\/www.bibione.eu\/wp-content\/uploads\/2026\/08\/Instagram-FB_Blind-Concert-Bibione-generic-819x1024.jpg 819w, https:\/\/www.bibione.eu\/wp-content\/uploads\/2026\/08\/Instagram-FB_Blind-Concert-Bibione-generic-240x300.jpg 240w, https:\/\/www.bibione.eu\/wp-content\/uploads\/2026\/08\/Instagram-FB_Blind-Concert-Bibione-generic-768x960.jpg 768w, https:\/\/www.bibione.eu\/wp-content\/uploads\/2026\/08\/Instagram-FB_Blind-Concert-Bibione-generic.jpg 1080w\" sizes=\"auto, (max-width: 819px) 100vw, 819px\" \/><\/a><\/figure>\n","protected":false},"excerpt":{"rendered":"<p>Am Sonntag, 20. September 2026, wird die stimmungsvolle Kulisse des Leuchtturms von Bibione zum Schauplatz eines ganz besonderen Events im Zeichen der Emotionen und der Inklusion: \u201eBlind Concert \u2013 Le note dell\u2019invisibile\u201c (Die Noten des Unsichtbaren). Das Konzert im Dunkeln wird im Rahmen des Projekts f\u00fcr Sozialen und Inklusiven Tourismus der Gemeinde San Michele al &hellip; <a href=\"https:\/\/www.bibione.eu\/de\/veranstaltungen\/blind-concert-le-note-dellinvisibile\/\">Continued<\/a><\/p>\n","protected":false},"featured_media":43515,"template":"","tipi-eventi":[94],"class_list":["post-43517","eventi","type-eventi","status-publish","has-post-thumbnail","hentry","tipi-eventi-musikalische-veranstaltungen"],"acf":[],"yoast_head":"<!-- This site is optimized with the Yoast SEO plugin v28.1 - https:\/\/yoast.com\/product\/yoast-seo-wordpress\/ -->\n<title>Veranstaltungen und Ausstellungen in Bibione: Strand und Stadtzentrum!<\/title>\n<meta name=\"robots\" content=\"index, follow, max-snippet:-1, max-image-preview:large, max-video-preview:-1\" \/>\n<link rel=\"canonical\" href=\"https:\/\/www.bibione.eu\/de\/veranstaltungen\/blind-concert-le-note-dellinvisibile\/\" \/>\n<meta property=\"og:locale\" content=\"de_DE\" \/>\n<meta property=\"og:type\" content=\"article\" \/>\n<meta property=\"og:title\" content=\"Veranstaltungen und Ausstellungen in Bibione: Strand und Stadtzentrum!\" \/>\n<meta property=\"og:description\" content=\"Am Sonntag, 20. September 2026, wird die stimmungsvolle Kulisse des Leuchtturms von Bibione zum Schauplatz eines ganz besonderen Events im Zeichen der Emotionen und der Inklusion: \u201eBlind Concert \u2013 Le note dell\u2019invisibile\u201c (Die Noten des Unsichtbaren). Das Konzert im Dunkeln wird im Rahmen des Projekts f\u00fcr Sozialen und Inklusiven Tourismus der Gemeinde San Michele al &hellip; Continued\" \/>\n<meta property=\"og:url\" content=\"https:\/\/www.bibione.eu\/de\/veranstaltungen\/blind-concert-le-note-dellinvisibile\/\" \/>\n<meta property=\"og:site_name\" content=\"Bibione\" \/>\n<meta property=\"article:modified_time\" content=\"2026-08-26T14:04:09+00:00\" \/>\n<meta property=\"og:image\" content=\"https:\/\/www.bibione.eu\/wp-content\/uploads\/2026\/08\/Bibione-Blind-Concert.jpg\" \/>\n\t<meta property=\"og:image:width\" content=\"1920\" \/>\n\t<meta property=\"og:image:height\" content=\"1368\" \/>\n\t<meta property=\"og:image:type\" content=\"image\/jpeg\" \/>\n<meta name=\"twitter:card\" content=\"summary_large_image\" \/>\n<meta name=\"twitter:label1\" content=\"Gesch\u00e4tzte Lesezeit\" \/>\n\t<meta name=\"twitter:data1\" content=\"3\u00a0Minuten\" \/>\n<script type=\"application\/ld+json\" class=\"yoast-schema-graph\">{\"@context\":\"https:\\\/\\\/schema.org\",\"@graph\":[{\"@type\":\"WebPage\",\"@id\":\"https:\\\/\\\/www.bibione.eu\\\/de\\\/veranstaltungen\\\/blind-concert-le-note-dellinvisibile\\\/\",\"url\":\"https:\\\/\\\/www.bibione.eu\\\/de\\\/veranstaltungen\\\/blind-concert-le-note-dellinvisibile\\\/\",\"name\":\"Veranstaltungen und Ausstellungen in Bibione: Strand und Stadtzentrum!\",\"isPartOf\":{\"@id\":\"https:\\\/\\\/www.bibione.eu\\\/de\\\/#website\"},\"primaryImageOfPage\":{\"@id\":\"https:\\\/\\\/www.bibione.eu\\\/de\\\/veranstaltungen\\\/blind-concert-le-note-dellinvisibile\\\/#primaryimage\"},\"image\":{\"@id\":\"https:\\\/\\\/www.bibione.eu\\\/de\\\/veranstaltungen\\\/blind-concert-le-note-dellinvisibile\\\/#primaryimage\"},\"thumbnailUrl\":\"https:\\\/\\\/www.bibione.eu\\\/wp-content\\\/uploads\\\/2026\\\/08\\\/Bibione-Blind-Concert.jpg\",\"datePublished\":\"2026-08-26T13:58:13+00:00\",\"dateModified\":\"2026-08-26T14:04:09+00:00\",\"breadcrumb\":{\"@id\":\"https:\\\/\\\/www.bibione.eu\\\/de\\\/veranstaltungen\\\/blind-concert-le-note-dellinvisibile\\\/#breadcrumb\"},\"inLanguage\":\"de\",\"potentialAction\":[{\"@type\":\"ReadAction\",\"target\":[\"https:\\\/\\\/www.bibione.eu\\\/de\\\/veranstaltungen\\\/blind-concert-le-note-dellinvisibile\\\/\"]}]},{\"@type\":\"ImageObject\",\"inLanguage\":\"de\",\"@id\":\"https:\\\/\\\/www.bibione.eu\\\/de\\\/veranstaltungen\\\/blind-concert-le-note-dellinvisibile\\\/#primaryimage\",\"url\":\"https:\\\/\\\/www.bibione.eu\\\/wp-content\\\/uploads\\\/2026\\\/08\\\/Bibione-Blind-Concert.jpg\",\"contentUrl\":\"https:\\\/\\\/www.bibione.eu\\\/wp-content\\\/uploads\\\/2026\\\/08\\\/Bibione-Blind-Concert.jpg\",\"width\":1920,\"height\":1368},{\"@type\":\"BreadcrumbList\",\"@id\":\"https:\\\/\\\/www.bibione.eu\\\/de\\\/veranstaltungen\\\/blind-concert-le-note-dellinvisibile\\\/#breadcrumb\",\"itemListElement\":[{\"@type\":\"ListItem\",\"position\":1,\"name\":\"Home\",\"item\":\"https:\\\/\\\/www.bibione.eu\\\/de\\\/\"},{\"@type\":\"ListItem\",\"position\":2,\"name\":\"Veranstaltungen\",\"item\":\"https:\\\/\\\/www.bibione.eu\\\/de\\\/veranstaltungen\\\/\"},{\"@type\":\"ListItem\",\"position\":3,\"name\":\"Blind Concert \u2013 Le note dell\u2019invisibile\"}]},{\"@type\":\"WebSite\",\"@id\":\"https:\\\/\\\/www.bibione.eu\\\/de\\\/#website\",\"url\":\"https:\\\/\\\/www.bibione.eu\\\/de\\\/\",\"name\":\"Bibione\",\"description\":\"\",\"potentialAction\":[{\"@type\":\"SearchAction\",\"target\":{\"@type\":\"EntryPoint\",\"urlTemplate\":\"https:\\\/\\\/www.bibione.eu\\\/de\\\/?s={search_term_string}\"},\"query-input\":{\"@type\":\"PropertyValueSpecification\",\"valueRequired\":true,\"valueName\":\"search_term_string\"}}],\"inLanguage\":\"de\"}]}<\/script>\n<!-- \/ Yoast SEO plugin. -->","yoast_head_json":{"title":"Veranstaltungen und Ausstellungen in Bibione: Strand und Stadtzentrum!","robots":{"index":"index","follow":"follow","max-snippet":"max-snippet:-1","max-image-preview":"max-image-preview:large","max-video-preview":"max-video-preview:-1"},"canonical":"https:\/\/www.bibione.eu\/de\/veranstaltungen\/blind-concert-le-note-dellinvisibile\/","og_locale":"de_DE","og_type":"article","og_title":"Veranstaltungen und Ausstellungen in Bibione: Strand und Stadtzentrum!","og_description":"Am Sonntag, 20. September 2026, wird die stimmungsvolle Kulisse des Leuchtturms von Bibione zum Schauplatz eines ganz besonderen Events im Zeichen der Emotionen und der Inklusion: \u201eBlind Concert \u2013 Le note dell\u2019invisibile\u201c (Die Noten des Unsichtbaren). Das Konzert im Dunkeln wird im Rahmen des Projekts f\u00fcr Sozialen und Inklusiven Tourismus der Gemeinde San Michele al &hellip; Continued","og_url":"https:\/\/www.bibione.eu\/de\/veranstaltungen\/blind-concert-le-note-dellinvisibile\/","og_site_name":"Bibione","article_modified_time":"2026-08-26T14:04:09+00:00","og_image":[{"width":1920,"height":1368,"url":"https:\/\/www.bibione.eu\/wp-content\/uploads\/2026\/08\/Bibione-Blind-Concert.jpg","type":"image\/jpeg"}],"twitter_card":"summary_large_image","twitter_misc":{"Gesch\u00e4tzte Lesezeit":"3\u00a0Minuten"},"schema":{"@context":"https:\/\/schema.org","@graph":[{"@type":"WebPage","@id":"https:\/\/www.bibione.eu\/de\/veranstaltungen\/blind-concert-le-note-dellinvisibile\/","url":"https:\/\/www.bibione.eu\/de\/veranstaltungen\/blind-concert-le-note-dellinvisibile\/","name":"Veranstaltungen und Ausstellungen in Bibione: Strand und Stadtzentrum!","isPartOf":{"@id":"https:\/\/www.bibione.eu\/de\/#website"},"primaryImageOfPage":{"@id":"https:\/\/www.bibione.eu\/de\/veranstaltungen\/blind-concert-le-note-dellinvisibile\/#primaryimage"},"image":{"@id":"https:\/\/www.bibione.eu\/de\/veranstaltungen\/blind-concert-le-note-dellinvisibile\/#primaryimage"},"thumbnailUrl":"https:\/\/www.bibione.eu\/wp-content\/uploads\/2026\/08\/Bibione-Blind-Concert.jpg","datePublished":"2026-08-26T13:58:13+00:00","dateModified":"2026-08-26T14:04:09+00:00","breadcrumb":{"@id":"https:\/\/www.bibione.eu\/de\/veranstaltungen\/blind-concert-le-note-dellinvisibile\/#breadcrumb"},"inLanguage":"de","potentialAction":[{"@type":"ReadAction","target":["https:\/\/www.bibione.eu\/de\/veranstaltungen\/blind-concert-le-note-dellinvisibile\/"]}]},{"@type":"ImageObject","inLanguage":"de","@id":"https:\/\/www.bibione.eu\/de\/veranstaltungen\/blind-concert-le-note-dellinvisibile\/#primaryimage","url":"https:\/\/www.bibione.eu\/wp-content\/uploads\/2026\/08\/Bibione-Blind-Concert.jpg","contentUrl":"https:\/\/www.bibione.eu\/wp-content\/uploads\/2026\/08\/Bibione-Blind-Concert.jpg","width":1920,"height":1368},{"@type":"BreadcrumbList","@id":"https:\/\/www.bibione.eu\/de\/veranstaltungen\/blind-concert-le-note-dellinvisibile\/#breadcrumb","itemListElement":[{"@type":"ListItem","position":1,"name":"Home","item":"https:\/\/www.bibione.eu\/de\/"},{"@type":"ListItem","position":2,"name":"Veranstaltungen","item":"https:\/\/www.bibione.eu\/de\/veranstaltungen\/"},{"@type":"ListItem","position":3,"name":"Blind Concert \u2013 Le note dell\u2019invisibile"}]},{"@type":"WebSite","@id":"https:\/\/www.bibione.eu\/de\/#website","url":"https:\/\/www.bibione.eu\/de\/","name":"Bibione","description":"","potentialAction":[{"@type":"SearchAction","target":{"@type":"EntryPoint","urlTemplate":"https:\/\/www.bibione.eu\/de\/?s={search_term_string}"},"query-input":{"@type":"PropertyValueSpecification","valueRequired":true,"valueName":"search_term_string"}}],"inLanguage":"de"}]}},"_links":{"self":[{"href":"https:\/\/www.bibione.eu\/de\/wp-json\/wp\/v2\/eventi\/43517","targetHints":{"allow":["GET"]}}],"collection":[{"href":"https:\/\/www.bibione.eu\/de\/wp-json\/wp\/v2\/eventi"}],"about":[{"href":"https:\/\/www.bibione.eu\/de\/wp-json\/wp\/v2\/types\/eventi"}],"wp:featuredmedia":[{"embeddable":true,"href":"https:\/\/www.bibione.eu\/de\/wp-json\/wp\/v2\/media\/43515"}],"wp:attachment":[{"href":"https:\/\/www.bibione.eu\/de\/wp-json\/wp\/v2\/media?parent=43517"}],"wp:term":[{"taxonomy":"tipi-eventi","embeddable":true,"href":"https:\/\/www.bibione.eu\/de\/wp-json\/wp\/v2\/tipi-eventi?post=43517"}],"curies":[{"name":"wp","href":"https:\/\/api.w.org\/{rel}","templated":true}]}}