{"id":42289,"date":"2025-07-31T11:42:31","date_gmt":"2025-07-31T09:42:31","guid":{"rendered":"https:\/\/www.bibione.eu\/?post_type=eventi&#038;p=42289"},"modified":"2025-08-11T15:04:04","modified_gmt":"2025-08-11T13:04:04","slug":"die-shows-auf-der-piazza-fontana-2025","status":"publish","type":"eventi","link":"https:\/\/www.bibione.eu\/de\/veranstaltungen\/die-shows-auf-der-piazza-fontana-2025\/","title":{"rendered":"Die Shows auf der Piazza Fontana"},"content":{"rendered":"\n<p class=\"wp-block-paragraph\">Im Sommer 2025 wird ein der&nbsp;<strong>Hauptpl\u00e4tze unseres Badeortes<\/strong>&nbsp;Schauplatz von Musikveranstaltungen und vielem mehr sein: Auf der&nbsp;<strong>Piazza Fontana<\/strong>&nbsp;finden folgende Veranstaltungen statt, die Sie sich nicht entgehen lassen sollten:<\/p>\n\n\n\n<ul class=\"wp-block-list\">\n<li>Mittwoch, den <strong>2. Juli um 21:00 Uhr<\/strong> \u2013 Konzert von <strong>JD &amp; Bubbles<\/strong><\/li>\n\n\n\n<li>Mittwoch, den <strong>9<strong>. Juli um 21:00 Uhr<\/strong><\/strong> \u2013 Konzert von&nbsp;<strong>Luca Venudo<\/strong>, auch bekannt als LUME<\/li>\n\n\n\n<li>Freitag, den <strong>11<strong>. Juli um 21:00 Uhr<\/strong><\/strong> \u2013 Tanzshow der A.S.D.&nbsp;<a href=\"https:\/\/www.facebook.com\/artmovidanza\" target=\"_blank\" rel=\"noreferrer noopener\"><strong>Art Movidanza<\/strong><\/a><\/li>\n\n\n\n<li>Sonntag, den <strong>20<strong>. Juli um 21:00 Uhr<\/strong><\/strong> \u2013 <strong>Brasilianische Musik<\/strong>darbietungen<\/li>\n\n\n\n<li>Dienstag, den <strong>22<strong>. Juli um 21:00 Uhr<\/strong><\/strong> \u2013 <strong>\u201cBallando e cantando sotto le stelle\u201d<\/strong>, Musikabend<\/li>\n\n\n\n<li>Freitag, den <strong>1. August um 21:00 und 22:00 Uhr<\/strong> \u2013 <strong>Compagnia Simpania<\/strong>, im Rahmen von <a href=\"https:\/\/www.bibione.eu\/de\/veranstaltungen\/bibione-street-show-2025\/\" target=\"_blank\" rel=\"noreferrer noopener\">Bibione Street Show<\/a><\/li>\n\n\n\n<li>Sonntag, den <strong>3<strong>. August um 21:00 Uhr<\/strong><\/strong> \u2013 Tribute-Konzert f\u00fcr&nbsp;<strong>Pink Floyd<\/strong><\/li>\n\n\n\n<li>Montag, den <strong>4<strong><strong>. August um 21:00 Uhr<\/strong><\/strong><\/strong> \u2013&nbsp;Livekonzert mit&nbsp;<strong>Livello Zero&nbsp;<\/strong>band<\/li>\n\n\n\n<li>Freitag, den <strong>8. August um 20:30 Uhr<\/strong> \u2013 <strong><a href=\"https:\/\/www.missvenicebeach.net\/tappa.php?cod=6\" target=\"_blank\" rel=\"noreferrer noopener\">Miss Venice Beach 2025<\/a><\/strong>, sixth stage of the tour<\/li>\n\n\n\n<li>Montag, den, <strong>11<strong><strong>. August um 21:00 Uhr<\/strong><\/strong><\/strong> \u2013 Konzert von <strong>Falsi d&#8217;Autore<\/strong>, mit Coversongs aus den 60er und 70er Jahren<\/li>\n\n\n\n<li>Dienstag, den <strong>12<strong><strong>. August um 21:00 Uhr<\/strong><\/strong><\/strong> \u2013 Tribute-Konzert f\u00fcr&nbsp;<strong>Queen<\/strong><\/li>\n\n\n\n<li>Donnerstag, den <strong>14<strong><strong>. August um 21:00 Uhr<\/strong><\/strong><\/strong> \u2013 Tribute-Konzert f\u00fcr&nbsp;<strong>Nomadi<\/strong><\/li>\n\n\n\n<li>Montag, den <strong>18. August um 21:00 Uhr<\/strong> \u2013 <strong>\u201cBallando e cantando sotto le stelle\u201d<\/strong>, Musikabend<\/li>\n\n\n\n<li>Dienstag, den <strong>19. August um 21:00 Uhr<\/strong> \u2013 <strong>Gospel<\/strong>konzert<\/li>\n\n\n\n<li>Mittwoch, den <strong>20<strong>. August um 21:00 Uhr<\/strong><\/strong> \u2013 Konzert von&nbsp;<strong>Luca Venudo<\/strong>, auch bekannt als LUME<\/li>\n\n\n\n<li>Samstag, den <strong>23. August um 21 Uhr<\/strong> \u2013 Konzert von <strong>May Day<\/strong><\/li>\n\n\n\n<li>Freitag, den <strong>29. August um 21 Uhr<\/strong> \u2013 Tribute-Konzert f\u00fcr\u00a0<strong>Deep Purple<\/strong><\/li>\n\n\n\n<li>Mittwoch, den <strong>3. September um 18:30 Uhr<\/strong>&nbsp;\u2013&nbsp;<a href=\"https:\/\/www.bibione.eu\/de\/veranstaltungen\/bibione4charity-2025\/\" target=\"_blank\" rel=\"noreferrer noopener\"><strong>Bibione4Charity<\/strong><\/a><\/li>\n\n\n\n<li>Donnerstag, den <strong>4. September um 21:00 Uhr<\/strong> \u2013 Konzert von <strong>I due Hammondisti<\/strong><\/li>\n<\/ul>\n\n\n\n<p class=\"wp-block-paragraph\">[st\u00e4ndig aktualisiertes Programm]<\/p>\n\n\n\n<p class=\"wp-block-paragraph\">Der Eintritt ist <strong>kostenlos <\/strong>und <strong>frei<\/strong>.<\/p>\n\n\n\n<p class=\"wp-block-paragraph\">Sonne, Meer, Spazierg\u00e4nge oder Radtouren, Musik- und Kulturveranstaltungen: Unser Strand empf\u00e4ngt Sie von morgens bis abends mit einer Reihe von Vorschl\u00e4gen f\u00fcr Sie!<\/p>\n","protected":false},"excerpt":{"rendered":"<p>Im Sommer 2025 wird ein der&nbsp;Hauptpl\u00e4tze unseres Badeortes&nbsp;Schauplatz von Musikveranstaltungen und vielem mehr sein: Auf der&nbsp;Piazza Fontana&nbsp;finden folgende Veranstaltungen statt, die Sie sich nicht entgehen lassen sollten: [st\u00e4ndig aktualisiertes Programm] Der Eintritt ist kostenlos und frei. Sonne, Meer, Spazierg\u00e4nge oder Radtouren, Musik- und Kulturveranstaltungen: Unser Strand empf\u00e4ngt Sie von morgens bis abends mit einer Reihe &hellip; <a href=\"https:\/\/www.bibione.eu\/de\/veranstaltungen\/die-shows-auf-der-piazza-fontana-2025\/\">Continued<\/a><\/p>\n","protected":false},"featured_media":40935,"template":"","tipi-eventi":[98,94],"class_list":["post-42289","eventi","type-eventi","status-publish","has-post-thumbnail","hentry","tipi-eventi-animation","tipi-eventi-musikalische-veranstaltungen"],"acf":[],"yoast_head":"<!-- This site is optimized with the Yoast SEO plugin v28.1 - https:\/\/yoast.com\/product\/yoast-seo-wordpress\/ -->\n<title>Veranstaltungen und Ausstellungen in Bibione: Strand und Stadtzentrum!<\/title>\n<meta name=\"robots\" content=\"index, follow, max-snippet:-1, max-image-preview:large, max-video-preview:-1\" \/>\n<link rel=\"canonical\" href=\"https:\/\/www.bibione.eu\/de\/veranstaltungen\/die-shows-auf-der-piazza-fontana-2025\/\" \/>\n<meta property=\"og:locale\" content=\"de_DE\" \/>\n<meta property=\"og:type\" content=\"article\" \/>\n<meta property=\"og:title\" content=\"Veranstaltungen und Ausstellungen in Bibione: Strand und Stadtzentrum!\" \/>\n<meta property=\"og:description\" content=\"Im Sommer 2025 wird ein der&nbsp;Hauptpl\u00e4tze unseres Badeortes&nbsp;Schauplatz von Musikveranstaltungen und vielem mehr sein: Auf der&nbsp;Piazza Fontana&nbsp;finden folgende Veranstaltungen statt, die Sie sich nicht entgehen lassen sollten: [st\u00e4ndig aktualisiertes Programm] Der Eintritt ist kostenlos und frei. Sonne, Meer, Spazierg\u00e4nge oder Radtouren, Musik- und Kulturveranstaltungen: Unser Strand empf\u00e4ngt Sie von morgens bis abends mit einer Reihe &hellip; Continued\" \/>\n<meta property=\"og:url\" content=\"https:\/\/www.bibione.eu\/de\/veranstaltungen\/die-shows-auf-der-piazza-fontana-2025\/\" \/>\n<meta property=\"og:site_name\" content=\"Bibione\" \/>\n<meta property=\"article:modified_time\" content=\"2025-08-11T13:04:04+00:00\" \/>\n<meta property=\"og:image\" content=\"https:\/\/www.bibione.eu\/wp-content\/uploads\/2024\/07\/Piazza-Fontana-Bibione-1024x672.jpg\" \/>\n\t<meta property=\"og:image:width\" content=\"1024\" \/>\n\t<meta property=\"og:image:height\" content=\"672\" \/>\n\t<meta property=\"og:image:type\" content=\"image\/jpeg\" \/>\n<meta name=\"twitter:card\" content=\"summary_large_image\" \/>\n<meta name=\"twitter:label1\" content=\"Gesch\u00e4tzte Lesezeit\" \/>\n\t<meta name=\"twitter:data1\" content=\"2\u00a0Minuten\" \/>\n<script type=\"application\/ld+json\" class=\"yoast-schema-graph\">{\"@context\":\"https:\\\/\\\/schema.org\",\"@graph\":[{\"@type\":\"WebPage\",\"@id\":\"https:\\\/\\\/www.bibione.eu\\\/de\\\/veranstaltungen\\\/die-shows-auf-der-piazza-fontana-2025\\\/\",\"url\":\"https:\\\/\\\/www.bibione.eu\\\/de\\\/veranstaltungen\\\/die-shows-auf-der-piazza-fontana-2025\\\/\",\"name\":\"Veranstaltungen und Ausstellungen in Bibione: Strand und Stadtzentrum!\",\"isPartOf\":{\"@id\":\"https:\\\/\\\/www.bibione.eu\\\/de\\\/#website\"},\"primaryImageOfPage\":{\"@id\":\"https:\\\/\\\/www.bibione.eu\\\/de\\\/veranstaltungen\\\/die-shows-auf-der-piazza-fontana-2025\\\/#primaryimage\"},\"image\":{\"@id\":\"https:\\\/\\\/www.bibione.eu\\\/de\\\/veranstaltungen\\\/die-shows-auf-der-piazza-fontana-2025\\\/#primaryimage\"},\"thumbnailUrl\":\"https:\\\/\\\/www.bibione.eu\\\/wp-content\\\/uploads\\\/2024\\\/07\\\/Piazza-Fontana-Bibione.jpg\",\"datePublished\":\"2025-07-31T09:42:31+00:00\",\"dateModified\":\"2025-08-11T13:04:04+00:00\",\"breadcrumb\":{\"@id\":\"https:\\\/\\\/www.bibione.eu\\\/de\\\/veranstaltungen\\\/die-shows-auf-der-piazza-fontana-2025\\\/#breadcrumb\"},\"inLanguage\":\"de\",\"potentialAction\":[{\"@type\":\"ReadAction\",\"target\":[\"https:\\\/\\\/www.bibione.eu\\\/de\\\/veranstaltungen\\\/die-shows-auf-der-piazza-fontana-2025\\\/\"]}]},{\"@type\":\"ImageObject\",\"inLanguage\":\"de\",\"@id\":\"https:\\\/\\\/www.bibione.eu\\\/de\\\/veranstaltungen\\\/die-shows-auf-der-piazza-fontana-2025\\\/#primaryimage\",\"url\":\"https:\\\/\\\/www.bibione.eu\\\/wp-content\\\/uploads\\\/2024\\\/07\\\/Piazza-Fontana-Bibione.jpg\",\"contentUrl\":\"https:\\\/\\\/www.bibione.eu\\\/wp-content\\\/uploads\\\/2024\\\/07\\\/Piazza-Fontana-Bibione.jpg\",\"width\":2000,\"height\":1312},{\"@type\":\"BreadcrumbList\",\"@id\":\"https:\\\/\\\/www.bibione.eu\\\/de\\\/veranstaltungen\\\/die-shows-auf-der-piazza-fontana-2025\\\/#breadcrumb\",\"itemListElement\":[{\"@type\":\"ListItem\",\"position\":1,\"name\":\"Home\",\"item\":\"https:\\\/\\\/www.bibione.eu\\\/de\\\/\"},{\"@type\":\"ListItem\",\"position\":2,\"name\":\"Veranstaltungen\",\"item\":\"https:\\\/\\\/www.bibione.eu\\\/de\\\/veranstaltungen\\\/\"},{\"@type\":\"ListItem\",\"position\":3,\"name\":\"Die Shows auf der Piazza Fontana\"}]},{\"@type\":\"WebSite\",\"@id\":\"https:\\\/\\\/www.bibione.eu\\\/de\\\/#website\",\"url\":\"https:\\\/\\\/www.bibione.eu\\\/de\\\/\",\"name\":\"Bibione\",\"description\":\"\",\"potentialAction\":[{\"@type\":\"SearchAction\",\"target\":{\"@type\":\"EntryPoint\",\"urlTemplate\":\"https:\\\/\\\/www.bibione.eu\\\/de\\\/?s={search_term_string}\"},\"query-input\":{\"@type\":\"PropertyValueSpecification\",\"valueRequired\":true,\"valueName\":\"search_term_string\"}}],\"inLanguage\":\"de\"}]}<\/script>\n<!-- \/ Yoast SEO plugin. -->","yoast_head_json":{"title":"Veranstaltungen und Ausstellungen in Bibione: Strand und Stadtzentrum!","robots":{"index":"index","follow":"follow","max-snippet":"max-snippet:-1","max-image-preview":"max-image-preview:large","max-video-preview":"max-video-preview:-1"},"canonical":"https:\/\/www.bibione.eu\/de\/veranstaltungen\/die-shows-auf-der-piazza-fontana-2025\/","og_locale":"de_DE","og_type":"article","og_title":"Veranstaltungen und Ausstellungen in Bibione: Strand und Stadtzentrum!","og_description":"Im Sommer 2025 wird ein der&nbsp;Hauptpl\u00e4tze unseres Badeortes&nbsp;Schauplatz von Musikveranstaltungen und vielem mehr sein: Auf der&nbsp;Piazza Fontana&nbsp;finden folgende Veranstaltungen statt, die Sie sich nicht entgehen lassen sollten: [st\u00e4ndig aktualisiertes Programm] Der Eintritt ist kostenlos und frei. Sonne, Meer, Spazierg\u00e4nge oder Radtouren, Musik- und Kulturveranstaltungen: Unser Strand empf\u00e4ngt Sie von morgens bis abends mit einer Reihe &hellip; Continued","og_url":"https:\/\/www.bibione.eu\/de\/veranstaltungen\/die-shows-auf-der-piazza-fontana-2025\/","og_site_name":"Bibione","article_modified_time":"2025-08-11T13:04:04+00:00","og_image":[{"width":1024,"height":672,"url":"https:\/\/www.bibione.eu\/wp-content\/uploads\/2024\/07\/Piazza-Fontana-Bibione-1024x672.jpg","type":"image\/jpeg"}],"twitter_card":"summary_large_image","twitter_misc":{"Gesch\u00e4tzte Lesezeit":"2\u00a0Minuten"},"schema":{"@context":"https:\/\/schema.org","@graph":[{"@type":"WebPage","@id":"https:\/\/www.bibione.eu\/de\/veranstaltungen\/die-shows-auf-der-piazza-fontana-2025\/","url":"https:\/\/www.bibione.eu\/de\/veranstaltungen\/die-shows-auf-der-piazza-fontana-2025\/","name":"Veranstaltungen und Ausstellungen in Bibione: Strand und Stadtzentrum!","isPartOf":{"@id":"https:\/\/www.bibione.eu\/de\/#website"},"primaryImageOfPage":{"@id":"https:\/\/www.bibione.eu\/de\/veranstaltungen\/die-shows-auf-der-piazza-fontana-2025\/#primaryimage"},"image":{"@id":"https:\/\/www.bibione.eu\/de\/veranstaltungen\/die-shows-auf-der-piazza-fontana-2025\/#primaryimage"},"thumbnailUrl":"https:\/\/www.bibione.eu\/wp-content\/uploads\/2024\/07\/Piazza-Fontana-Bibione.jpg","datePublished":"2025-07-31T09:42:31+00:00","dateModified":"2025-08-11T13:04:04+00:00","breadcrumb":{"@id":"https:\/\/www.bibione.eu\/de\/veranstaltungen\/die-shows-auf-der-piazza-fontana-2025\/#breadcrumb"},"inLanguage":"de","potentialAction":[{"@type":"ReadAction","target":["https:\/\/www.bibione.eu\/de\/veranstaltungen\/die-shows-auf-der-piazza-fontana-2025\/"]}]},{"@type":"ImageObject","inLanguage":"de","@id":"https:\/\/www.bibione.eu\/de\/veranstaltungen\/die-shows-auf-der-piazza-fontana-2025\/#primaryimage","url":"https:\/\/www.bibione.eu\/wp-content\/uploads\/2024\/07\/Piazza-Fontana-Bibione.jpg","contentUrl":"https:\/\/www.bibione.eu\/wp-content\/uploads\/2024\/07\/Piazza-Fontana-Bibione.jpg","width":2000,"height":1312},{"@type":"BreadcrumbList","@id":"https:\/\/www.bibione.eu\/de\/veranstaltungen\/die-shows-auf-der-piazza-fontana-2025\/#breadcrumb","itemListElement":[{"@type":"ListItem","position":1,"name":"Home","item":"https:\/\/www.bibione.eu\/de\/"},{"@type":"ListItem","position":2,"name":"Veranstaltungen","item":"https:\/\/www.bibione.eu\/de\/veranstaltungen\/"},{"@type":"ListItem","position":3,"name":"Die Shows auf der Piazza Fontana"}]},{"@type":"WebSite","@id":"https:\/\/www.bibione.eu\/de\/#website","url":"https:\/\/www.bibione.eu\/de\/","name":"Bibione","description":"","potentialAction":[{"@type":"SearchAction","target":{"@type":"EntryPoint","urlTemplate":"https:\/\/www.bibione.eu\/de\/?s={search_term_string}"},"query-input":{"@type":"PropertyValueSpecification","valueRequired":true,"valueName":"search_term_string"}}],"inLanguage":"de"}]}},"_links":{"self":[{"href":"https:\/\/www.bibione.eu\/de\/wp-json\/wp\/v2\/eventi\/42289","targetHints":{"allow":["GET"]}}],"collection":[{"href":"https:\/\/www.bibione.eu\/de\/wp-json\/wp\/v2\/eventi"}],"about":[{"href":"https:\/\/www.bibione.eu\/de\/wp-json\/wp\/v2\/types\/eventi"}],"wp:featuredmedia":[{"embeddable":true,"href":"https:\/\/www.bibione.eu\/de\/wp-json\/wp\/v2\/media\/40935"}],"wp:attachment":[{"href":"https:\/\/www.bibione.eu\/de\/wp-json\/wp\/v2\/media?parent=42289"}],"wp:term":[{"taxonomy":"tipi-eventi","embeddable":true,"href":"https:\/\/www.bibione.eu\/de\/wp-json\/wp\/v2\/tipi-eventi?post=42289"}],"curies":[{"name":"wp","href":"https:\/\/api.w.org\/{rel}","templated":true}]}}